{"id":1107,"date":"2023-04-06T01:23:19","date_gmt":"2023-04-06T01:23:19","guid":{"rendered":"https:\/\/nuevo.munasimkullakita.org\/?page_id=1107"},"modified":"2024-11-14T16:46:33","modified_gmt":"2024-11-14T20:46:33","slug":"programa-de-tratamiento-comunitario","status":"publish","type":"page","link":"https:\/\/munasimkullakita.org\/?page_id=1107","title":{"rendered":"PROGRAMA DE TRATAMIENTO COMUNITARIO"},"content":{"rendered":"\t\t<div data-elementor-type=\"wp-page\" data-elementor-id=\"1107\" class=\"elementor elementor-1107\" data-elementor-post-type=\"page\">\n\t\t\t\t\t\t<section class=\"elementor-section elementor-top-section elementor-element elementor-element-20657937 elementor-section-full_width elementor-section-height-default elementor-section-height-default wpr-jarallax-no wpr-parallax-no wpr-sticky-section-no wpr-equal-height-no\" data-id=\"20657937\" data-element_type=\"section\" data-settings=\"{&quot;background_background&quot;:&quot;slideshow&quot;,&quot;background_slideshow_gallery&quot;:[{&quot;id&quot;:1682,&quot;url&quot;:&quot;https:\\\/\\\/munasimkullakita.org\\\/wp-content\\\/uploads\\\/2023\\\/04\\\/FOTO-3-Lideres-formales-scaled.webp&quot;},{&quot;id&quot;:1680,&quot;url&quot;:&quot;https:\\\/\\\/munasimkullakita.org\\\/wp-content\\\/uploads\\\/2023\\\/04\\\/FOTO-1-Centro-de-Escucha-scaled.webp&quot;},{&quot;id&quot;:1683,&quot;url&quot;:&quot;https:\\\/\\\/munasimkullakita.org\\\/wp-content\\\/uploads\\\/2023\\\/04\\\/Foto-4-trabajo-con-Redes-Comunitarias-Red-Operativa-importante-para-la-inclusion-social-de-personas-en-situacio-de-calle.webp&quot;}],&quot;background_slideshow_ken_burns&quot;:&quot;yes&quot;,&quot;background_slideshow_loop&quot;:&quot;yes&quot;,&quot;background_slideshow_slide_duration&quot;:5000,&quot;background_slideshow_slide_transition&quot;:&quot;fade&quot;,&quot;background_slideshow_transition_duration&quot;:500,&quot;background_slideshow_ken_burns_zoom_direction&quot;:&quot;in&quot;}\">\n\t\t\t\t\t\t\t<div class=\"elementor-background-overlay\"><\/div>\n\t\t\t\t\t\t\t<div class=\"elementor-container elementor-column-gap-default\">\n\t\t\t\t\t<div class=\"elementor-column elementor-col-100 elementor-top-column elementor-element elementor-element-59b3e255\" data-id=\"59b3e255\" data-element_type=\"column\">\n\t\t\t<div class=\"elementor-widget-wrap\">\n\t\t\t\t\t\t\t<\/div>\n\t\t<\/div>\n\t\t\t\t\t<\/div>\n\t\t<\/section>\n\t\t\t\t<section class=\"elementor-section elementor-top-section elementor-element elementor-element-47f5e12d elementor-section-full_width elementor-section-height-default elementor-section-height-default wpr-particle-no wpr-jarallax-no wpr-parallax-no wpr-sticky-section-no wpr-equal-height-no\" data-id=\"47f5e12d\" data-element_type=\"section\" data-settings=\"{&quot;background_background&quot;:&quot;classic&quot;}\">\n\t\t\t\t\t\t<div class=\"elementor-container elementor-column-gap-default\">\n\t\t\t\t\t<div class=\"elementor-column elementor-col-100 elementor-top-column elementor-element elementor-element-3b4c1fc0\" data-id=\"3b4c1fc0\" data-element_type=\"column\">\n\t\t\t<div class=\"elementor-widget-wrap elementor-element-populated\">\n\t\t\t\t\t\t<div class=\"elementor-element elementor-element-1376762d elementor-widget elementor-widget-heading\" data-id=\"1376762d\" data-element_type=\"widget\" data-widget_type=\"heading.default\">\n\t\t\t\t<div class=\"elementor-widget-container\">\n\t\t\t<h2 class=\"elementor-heading-title elementor-size-default\">PROGRAMA DE TRATAMIENTO COMUNITARIO - REDUCCI\u00d3N DE DA\u00d1OS POBLACI\u00d3N EN SITUACI\u00d3N DE CALLE<\/h2>\t\t<\/div>\n\t\t\t\t<\/div>\n\t\t\t\t\t<\/div>\n\t\t<\/div>\n\t\t\t\t\t<\/div>\n\t\t<\/section>\n\t\t\t\t<section class=\"elementor-section elementor-top-section elementor-element elementor-element-47d72607 elementor-section-full_width elementor-section-height-default elementor-section-height-default wpr-particle-no wpr-jarallax-no wpr-parallax-no wpr-sticky-section-no wpr-equal-height-no\" data-id=\"47d72607\" data-element_type=\"section\">\n\t\t\t\t\t\t<div class=\"elementor-container elementor-column-gap-default\">\n\t\t\t\t\t<div class=\"elementor-column elementor-col-33 elementor-top-column elementor-element elementor-element-5d8c86dd\" data-id=\"5d8c86dd\" data-element_type=\"column\">\n\t\t\t<div class=\"elementor-widget-wrap elementor-element-populated\">\n\t\t\t\t\t\t<div class=\"elementor-element elementor-element-7b3f307c elementor-hidden-tablet elementor-hidden-mobile elementor-widget elementor-widget-heading\" data-id=\"7b3f307c\" data-element_type=\"widget\" data-settings=\"{&quot;sticky&quot;:&quot;top&quot;,&quot;sticky_offset&quot;:120,&quot;sticky_on&quot;:[&quot;desktop&quot;,&quot;tablet&quot;,&quot;mobile&quot;],&quot;sticky_effects_offset&quot;:0}\" data-widget_type=\"heading.default\">\n\t\t\t\t<div class=\"elementor-widget-container\">\n\t\t\t<h3 class=\"elementor-heading-title elementor-size-default\">SUBMEN\u00da<\/h3>\t\t<\/div>\n\t\t\t\t<\/div>\n\t\t\t\t<div class=\"elementor-element elementor-element-8e80a73 elementor-align-left elementor-hidden-tablet elementor-hidden-mobile elementor-icon-list--layout-traditional elementor-list-item-link-full_width elementor-widget elementor-widget-icon-list\" data-id=\"8e80a73\" data-element_type=\"widget\" data-settings=\"{&quot;sticky&quot;:&quot;top&quot;,&quot;sticky_offset&quot;:160,&quot;sticky_on&quot;:[&quot;desktop&quot;,&quot;tablet&quot;,&quot;mobile&quot;],&quot;sticky_effects_offset&quot;:0}\" data-widget_type=\"icon-list.default\">\n\t\t\t\t<div class=\"elementor-widget-container\">\n\t\t\t\t\t<ul class=\"elementor-icon-list-items\">\n\t\t\t\t\t\t\t<li class=\"elementor-icon-list-item\">\n\t\t\t\t\t\t\t\t\t\t\t<a href=\"https:\/\/munasimkullakita.org\/?page_id=1092\">\n\n\t\t\t\t\t\t\t\t\t\t\t\t<span class=\"elementor-icon-list-icon\">\n\t\t\t\t\t\t\t<svg aria-hidden=\"true\" class=\"e-font-icon-svg e-fas-chevron-right\" viewBox=\"0 0 320 512\" xmlns=\"http:\/\/www.w3.org\/2000\/svg\"><path d=\"M285.476 272.971L91.132 467.314c-9.373 9.373-24.569 9.373-33.941 0l-22.667-22.667c-9.357-9.357-9.375-24.522-.04-33.901L188.505 256 34.484 101.255c-9.335-9.379-9.317-24.544.04-33.901l22.667-22.667c9.373-9.373 24.569-9.373 33.941 0L285.475 239.03c9.373 9.372 9.373 24.568.001 33.941z\"><\/path><\/svg>\t\t\t\t\t\t<\/span>\n\t\t\t\t\t\t\t\t\t\t<span class=\"elementor-icon-list-text\">INCIDENCIA POL\u00cdTICA Y FORTALECIMIENTO DE REDES<\/span>\n\t\t\t\t\t\t\t\t\t\t\t<\/a>\n\t\t\t\t\t\t\t\t\t<\/li>\n\t\t\t\t\t\t\t\t<li class=\"elementor-icon-list-item\">\n\t\t\t\t\t\t\t\t\t\t\t<a href=\"https:\/\/munasimkullakita.org\/?page_id=1097\">\n\n\t\t\t\t\t\t\t\t\t\t\t\t<span class=\"elementor-icon-list-icon\">\n\t\t\t\t\t\t\t<svg aria-hidden=\"true\" class=\"e-font-icon-svg e-fas-chevron-right\" viewBox=\"0 0 320 512\" xmlns=\"http:\/\/www.w3.org\/2000\/svg\"><path d=\"M285.476 272.971L91.132 467.314c-9.373 9.373-24.569 9.373-33.941 0l-22.667-22.667c-9.357-9.357-9.375-24.522-.04-33.901L188.505 256 34.484 101.255c-9.335-9.379-9.317-24.544.04-33.901l22.667-22.667c9.373-9.373 24.569-9.373 33.941 0L285.475 239.03c9.373 9.372 9.373 24.568.001 33.941z\"><\/path><\/svg>\t\t\t\t\t\t<\/span>\n\t\t\t\t\t\t\t\t\t\t<span class=\"elementor-icon-list-text\">PROGRAMA DE ATENCI\u00d3N<\/span>\n\t\t\t\t\t\t\t\t\t\t\t<\/a>\n\t\t\t\t\t\t\t\t\t<\/li>\n\t\t\t\t\t\t\t\t<li class=\"elementor-icon-list-item\">\n\t\t\t\t\t\t\t\t\t\t\t<a href=\"https:\/\/munasimkullakita.org\/?page_id=1102\">\n\n\t\t\t\t\t\t\t\t\t\t\t\t<span class=\"elementor-icon-list-icon\">\n\t\t\t\t\t\t\t<svg aria-hidden=\"true\" class=\"e-font-icon-svg e-fas-chevron-right\" viewBox=\"0 0 320 512\" xmlns=\"http:\/\/www.w3.org\/2000\/svg\"><path d=\"M285.476 272.971L91.132 467.314c-9.373 9.373-24.569 9.373-33.941 0l-22.667-22.667c-9.357-9.357-9.375-24.522-.04-33.901L188.505 256 34.484 101.255c-9.335-9.379-9.317-24.544.04-33.901l22.667-22.667c9.373-9.373 24.569-9.373 33.941 0L285.475 239.03c9.373 9.372 9.373 24.568.001 33.941z\"><\/path><\/svg>\t\t\t\t\t\t<\/span>\n\t\t\t\t\t\t\t\t\t\t<span class=\"elementor-icon-list-text\">PROGRAMA DE PROTECCI\u00d3N INTERNACIONAL<\/span>\n\t\t\t\t\t\t\t\t\t\t\t<\/a>\n\t\t\t\t\t\t\t\t\t<\/li>\n\t\t\t\t\t\t\t\t<li class=\"elementor-icon-list-item\">\n\t\t\t\t\t\t\t\t\t\t\t<a href=\"https:\/\/munasimkullakita.org\/?page_id=1107\">\n\n\t\t\t\t\t\t\t\t\t\t\t\t<span class=\"elementor-icon-list-icon\">\n\t\t\t\t\t\t\t<svg aria-hidden=\"true\" class=\"e-font-icon-svg e-fas-chevron-right\" viewBox=\"0 0 320 512\" xmlns=\"http:\/\/www.w3.org\/2000\/svg\"><path d=\"M285.476 272.971L91.132 467.314c-9.373 9.373-24.569 9.373-33.941 0l-22.667-22.667c-9.357-9.357-9.375-24.522-.04-33.901L188.505 256 34.484 101.255c-9.335-9.379-9.317-24.544.04-33.901l22.667-22.667c9.373-9.373 24.569-9.373 33.941 0L285.475 239.03c9.373 9.372 9.373 24.568.001 33.941z\"><\/path><\/svg>\t\t\t\t\t\t<\/span>\n\t\t\t\t\t\t\t\t\t\t<span class=\"elementor-icon-list-text\">PROGRAMA DE TRATAMIENTO COMUNITARIO<\/span>\n\t\t\t\t\t\t\t\t\t\t\t<\/a>\n\t\t\t\t\t\t\t\t\t<\/li>\n\t\t\t\t\t\t\t\t<li class=\"elementor-icon-list-item\">\n\t\t\t\t\t\t\t\t\t\t\t<a href=\"https:\/\/munasimkullakita.org\/?page_id=1997\">\n\n\t\t\t\t\t\t\t\t\t\t\t\t<span class=\"elementor-icon-list-icon\">\n\t\t\t\t\t\t\t<svg aria-hidden=\"true\" class=\"e-font-icon-svg e-fas-check\" viewBox=\"0 0 512 512\" xmlns=\"http:\/\/www.w3.org\/2000\/svg\"><path d=\"M173.898 439.404l-166.4-166.4c-9.997-9.997-9.997-26.206 0-36.204l36.203-36.204c9.997-9.998 26.207-9.998 36.204 0L192 312.69 432.095 72.596c9.997-9.997 26.207-9.997 36.204 0l36.203 36.204c9.997 9.997 9.997 26.206 0 36.204l-294.4 294.401c-9.998 9.997-26.207 9.997-36.204-.001z\"><\/path><\/svg>\t\t\t\t\t\t<\/span>\n\t\t\t\t\t\t\t\t\t\t<span class=\"elementor-icon-list-text\">REINTEGRACI\u00d3N DE POBLACIONES VULNERABLES <\/span>\n\t\t\t\t\t\t\t\t\t\t\t<\/a>\n\t\t\t\t\t\t\t\t\t<\/li>\n\t\t\t\t\t\t\t\t<li class=\"elementor-icon-list-item\">\n\t\t\t\t\t\t\t\t\t\t\t<a href=\"https:\/\/munasimkullakita.org\/?page_id=1107\">\n\n\t\t\t\t\t\t\t\t\t\t\t\t<span class=\"elementor-icon-list-icon\">\n\t\t\t\t\t\t\t<svg aria-hidden=\"true\" class=\"e-font-icon-svg e-fas-chevron-right\" viewBox=\"0 0 320 512\" xmlns=\"http:\/\/www.w3.org\/2000\/svg\"><path d=\"M285.476 272.971L91.132 467.314c-9.373 9.373-24.569 9.373-33.941 0l-22.667-22.667c-9.357-9.357-9.375-24.522-.04-33.901L188.505 256 34.484 101.255c-9.335-9.379-9.317-24.544.04-33.901l22.667-22.667c9.373-9.373 24.569-9.373 33.941 0L285.475 239.03c9.373 9.372 9.373 24.568.001 33.941z\"><\/path><\/svg>\t\t\t\t\t\t<\/span>\n\t\t\t\t\t\t\t\t\t\t<span class=\"elementor-icon-list-text\">PROGRAMA PREVENCI\u00d3N<\/span>\n\t\t\t\t\t\t\t\t\t\t\t<\/a>\n\t\t\t\t\t\t\t\t\t<\/li>\n\t\t\t\t\t\t<\/ul>\n\t\t\t\t<\/div>\n\t\t\t\t<\/div>\n\t\t\t\t\t<\/div>\n\t\t<\/div>\n\t\t\t\t<div class=\"elementor-column elementor-col-66 elementor-top-column elementor-element elementor-element-1a978277\" data-id=\"1a978277\" data-element_type=\"column\">\n\t\t\t<div class=\"elementor-widget-wrap elementor-element-populated\">\n\t\t\t\t\t\t<div class=\"elementor-element elementor-element-6407562a elementor-widget elementor-widget-text-editor\" data-id=\"6407562a\" data-element_type=\"widget\" data-widget_type=\"text-editor.default\">\n\t\t\t\t<div class=\"elementor-widget-container\">\n\t\t\t\t\t\t\t<p align=\"justify\">El trabajo con poblaci\u00f3n en situaciones de sufrimiento social, interviene para reducir los da\u00f1os a trav\u00e9s de 7 categor\u00edas de: consumo de alcohol y drogas, educaci\u00f3n, legal, trabajo, familia, salud y red primaria. A partir de este proceso se inicia en la restituci\u00f3n de sus derechos a trav\u00e9s de dispositivos de atenci\u00f3n, denominados \u201cCENTROS DE ESCUCHA\u201d, espacios que brindan servicios a ni\u00f1as, ni\u00f1os, adolescentes y j\u00f3venes que se encuentran en vulnerabilidad, se inicia procesos de seguimiento personales a partir de la atenci\u00f3n de 5 ejes estrat\u00e9gicos de intervenci\u00f3n, propio del Modelo de Intervenci\u00f3n del Tratamiento Comunitario.<\/p><p align=\"justify\">Los Ejes Estrat\u00e9gicos de Atenci\u00f3n se desarrollan de manera NO lineal, mismos ejes pueden trabajarse en simult\u00e1neo.<\/p><p align=\"justify\">&#8211; 1 Eje Prevenci\u00f3n y Organizaci\u00f3n, de la comunidad.<\/p><p align=\"justify\">&#8211; <b>2 Ejes de Asistencia b\u00e1sica y reducci\u00f3n de da\u00f1os<\/b>, se brinda atenci\u00f3n del cuidado personal (lavado de ropa, higiene personal, alimentaci\u00f3n digna, restituci\u00f3n al derecho de la identidad, salud, familia, entre otros.)<\/p><p align=\"justify\">&#8211; <b>3 Eje de Educaci\u00f3n y Rehabilitaci\u00f3n,<\/b> a trav\u00e9s de la educaci\u00f3n Formal y NO formal, se desarrollan temas que adhieren a la poblaci\u00f3n, desde los derechos, educaci\u00f3n sexual, g\u00e9nero, autoestima, entre otros.<\/p><p align=\"justify\">&#8211; <b>4 Eje de Cura m\u00e9dica y psicol\u00f3gica,<\/b> se reduce los da\u00f1os nocivos por la problem\u00e1tica en la que se encuentran, realizando el acompa\u00f1amiento psicol\u00f3gico y la escucha activa, permite trabajar el interior de la persona.<\/p><p align=\"justify\">&#8211; <b>5 Eje de Trabajo y ocupaci\u00f3n,<\/b> a trav\u00e9s de evaluaciones de sus habilidades y competencias, se fortalecen y\/o desarrollan, para que reciban procesos de inserciones laborales y emprendedurismo, con el fin de promover la independencia y autonom\u00eda.<\/p><p align=\"justify\">La implementaci\u00f3n de los ejes, permite mejorar las condiciones de vida de las personas en situaci\u00f3n de calle.<\/p><p align=\"justify\">&#8211; <b>REDES COMUNITARIAS<\/b><\/p><p align=\"justify\">Desde el Tratamiento Comunitario, se interviene en comunidades locales hipercomplejas, para la construcci\u00f3n de redes comunitarias (Red Subjetiva Comunitaria, Red de Lideres de Opini\u00f3n Formal y No Formal, Red de Minor\u00edas Activas y Red Operativa) constituy\u00e9ndose e un entramado, que trabaja las representaciones sociales, la discriminaci\u00f3n, el estigma y los estereotipos a poblaci\u00f3n en situaci\u00f3n de calle.<\/p><p align=\"justify\">La constituci\u00f3n de las redes comunitarias, e implementaci\u00f3n de dispositivos de atenci\u00f3n (carpa de escucha, aula m\u00f3vil, centro de escucha fijo) dentro de las comunidades, procesualmente se trabaja las representaciones sociales, alcanzando a convertir como dispositivo seguro la comunidad y de inclusi\u00f3n social, donde la poblaci\u00f3n directa de atenci\u00f3n, ejerce sus derechos.<\/p><p align=\"justify\">La Red de L\u00edderes de Opini\u00f3n Formal, es la m\u00e1s importante, porque a partir de los l\u00edderes es los mismo que un Presidente o Dirigentes de las Asociaciones, influye por atributos que le asignan, tiene vos y voto ante las autoridades para incidir en la comunidad.<\/p><p align=\"justify\">Redes comunitarias, representadas por l\u00edderes de opini\u00f3n formal, convocan cada 30 d\u00edas, una reuni\u00f3n para tratar las necesidades y demandas de la poblaci\u00f3n y de su sector, basadas dentro de las comunidades, las atribuciones de liderazgo, influencia en las decisiones y respaldo de sus bases, elaboran planes de trabajo de manera anual, donde las acciones son dirigidas a favor de los grupos m\u00e1s vulnerables.<\/p><p align=\"justify\">La Red de Minor\u00edas activas, que por las atribuciones que desarrollan a favor de los grupos m\u00e1s vulnerables, pueden llegar a constituirse como l\u00edderes formales, por las acciones que desarrollan.<\/p><p align=\"justify\">La constituci\u00f3n de las redes comunitarias, permitir\u00e1 la sostenibilidad de la atenci\u00f3n a los grupos vulnerables dentro de las comunidades complejas.<\/p>\t\t\t\t\t\t<\/div>\n\t\t\t\t<\/div>\n\t\t\t\t<div class=\"elementor-element elementor-element-77889ed gallery-spacing-custom elementor-widget elementor-widget-image-gallery\" data-id=\"77889ed\" data-element_type=\"widget\" data-widget_type=\"image-gallery.default\">\n\t\t\t\t<div class=\"elementor-widget-container\">\n\t\t\t\t\t<div class=\"elementor-image-gallery\">\n\t\t\t<div id='gallery-1' class='gallery galleryid-1107 gallery-columns-3 gallery-size-full'><figure class='gallery-item'>\n\t\t\t<div class='gallery-icon landscape'>\n\t\t\t\t<a data-elementor-open-lightbox=\"yes\" data-elementor-lightbox-slideshow=\"77889ed\" data-elementor-lightbox-title=\"FOTO 5 - CARPA DE ESCUCHA\" data-e-action-hash=\"#elementor-action%3Aaction%3Dlightbox%26settings%3DeyJpZCI6MTY4NCwidXJsIjoiaHR0cHM6XC9cL211bmFzaW1rdWxsYWtpdGEub3JnXC93cC1jb250ZW50XC91cGxvYWRzXC8yMDIzXC8wNFwvRk9UTy01LUNBUlBBLURFLUVTQ1VDSEEtc2NhbGVkLndlYnAiLCJzbGlkZXNob3ciOiI3Nzg4OWVkIn0%3D\" href='https:\/\/munasimkullakita.org\/wp-content\/uploads\/2023\/04\/FOTO-5-CARPA-DE-ESCUCHA-scaled.webp'><img fetchpriority=\"high\" decoding=\"async\" width=\"2560\" height=\"1696\" src=\"https:\/\/munasimkullakita.org\/wp-content\/uploads\/2023\/04\/FOTO-5-CARPA-DE-ESCUCHA-scaled.webp\" class=\"attachment-full size-full\" alt=\"\" srcset=\"https:\/\/munasimkullakita.org\/wp-content\/uploads\/2023\/04\/FOTO-5-CARPA-DE-ESCUCHA-scaled.webp 2560w, https:\/\/munasimkullakita.org\/wp-content\/uploads\/2023\/04\/FOTO-5-CARPA-DE-ESCUCHA-300x199.webp 300w, https:\/\/munasimkullakita.org\/wp-content\/uploads\/2023\/04\/FOTO-5-CARPA-DE-ESCUCHA-1024x678.webp 1024w, https:\/\/munasimkullakita.org\/wp-content\/uploads\/2023\/04\/FOTO-5-CARPA-DE-ESCUCHA-768x509.webp 768w, https:\/\/munasimkullakita.org\/wp-content\/uploads\/2023\/04\/FOTO-5-CARPA-DE-ESCUCHA-1536x1017.webp 1536w, https:\/\/munasimkullakita.org\/wp-content\/uploads\/2023\/04\/FOTO-5-CARPA-DE-ESCUCHA-2048x1356.webp 2048w, https:\/\/munasimkullakita.org\/wp-content\/uploads\/2023\/04\/FOTO-5-CARPA-DE-ESCUCHA-498x330.webp 498w, https:\/\/munasimkullakita.org\/wp-content\/uploads\/2023\/04\/FOTO-5-CARPA-DE-ESCUCHA-270x180.webp 270w\" sizes=\"(max-width: 2560px) 100vw, 2560px\" \/><\/a>\n\t\t\t<\/div><\/figure><figure class='gallery-item'>\n\t\t\t<div class='gallery-icon landscape'>\n\t\t\t\t<a data-elementor-open-lightbox=\"yes\" data-elementor-lightbox-slideshow=\"77889ed\" data-elementor-lightbox-title=\"Foto 4 - trabajo con Redes Comunitarias, Red Operativa importante para la inclusion social de personas en situaci\u00f2 de calle.\" data-e-action-hash=\"#elementor-action%3Aaction%3Dlightbox%26settings%3DeyJpZCI6MTY4MywidXJsIjoiaHR0cHM6XC9cL211bmFzaW1rdWxsYWtpdGEub3JnXC93cC1jb250ZW50XC91cGxvYWRzXC8yMDIzXC8wNFwvRm90by00LXRyYWJham8tY29uLVJlZGVzLUNvbXVuaXRhcmlhcy1SZWQtT3BlcmF0aXZhLWltcG9ydGFudGUtcGFyYS1sYS1pbmNsdXNpb24tc29jaWFsLWRlLXBlcnNvbmFzLWVuLXNpdHVhY2lvLWRlLWNhbGxlLndlYnAiLCJzbGlkZXNob3ciOiI3Nzg4OWVkIn0%3D\" href='https:\/\/munasimkullakita.org\/wp-content\/uploads\/2023\/04\/Foto-4-trabajo-con-Redes-Comunitarias-Red-Operativa-importante-para-la-inclusion-social-de-personas-en-situacio-de-calle.webp'><img decoding=\"async\" width=\"1280\" height=\"960\" src=\"https:\/\/munasimkullakita.org\/wp-content\/uploads\/2023\/04\/Foto-4-trabajo-con-Redes-Comunitarias-Red-Operativa-importante-para-la-inclusion-social-de-personas-en-situacio-de-calle.webp\" class=\"attachment-full size-full\" alt=\"\" srcset=\"https:\/\/munasimkullakita.org\/wp-content\/uploads\/2023\/04\/Foto-4-trabajo-con-Redes-Comunitarias-Red-Operativa-importante-para-la-inclusion-social-de-personas-en-situacio-de-calle.webp 1280w, https:\/\/munasimkullakita.org\/wp-content\/uploads\/2023\/04\/Foto-4-trabajo-con-Redes-Comunitarias-Red-Operativa-importante-para-la-inclusion-social-de-personas-en-situacio-de-calle-300x225.webp 300w, https:\/\/munasimkullakita.org\/wp-content\/uploads\/2023\/04\/Foto-4-trabajo-con-Redes-Comunitarias-Red-Operativa-importante-para-la-inclusion-social-de-personas-en-situacio-de-calle-1024x768.webp 1024w, https:\/\/munasimkullakita.org\/wp-content\/uploads\/2023\/04\/Foto-4-trabajo-con-Redes-Comunitarias-Red-Operativa-importante-para-la-inclusion-social-de-personas-en-situacio-de-calle-768x576.webp 768w, https:\/\/munasimkullakita.org\/wp-content\/uploads\/2023\/04\/Foto-4-trabajo-con-Redes-Comunitarias-Red-Operativa-importante-para-la-inclusion-social-de-personas-en-situacio-de-calle-440x330.webp 440w, https:\/\/munasimkullakita.org\/wp-content\/uploads\/2023\/04\/Foto-4-trabajo-con-Redes-Comunitarias-Red-Operativa-importante-para-la-inclusion-social-de-personas-en-situacio-de-calle-240x180.webp 240w\" sizes=\"(max-width: 1280px) 100vw, 1280px\" \/><\/a>\n\t\t\t<\/div><\/figure><figure class='gallery-item'>\n\t\t\t<div class='gallery-icon landscape'>\n\t\t\t\t<a data-elementor-open-lightbox=\"yes\" data-elementor-lightbox-slideshow=\"77889ed\" data-elementor-lightbox-title=\"FOTO 3 - L\u00edderes formales\" data-e-action-hash=\"#elementor-action%3Aaction%3Dlightbox%26settings%3DeyJpZCI6MTY4MiwidXJsIjoiaHR0cHM6XC9cL211bmFzaW1rdWxsYWtpdGEub3JnXC93cC1jb250ZW50XC91cGxvYWRzXC8yMDIzXC8wNFwvRk9UTy0zLUxpZGVyZXMtZm9ybWFsZXMtc2NhbGVkLndlYnAiLCJzbGlkZXNob3ciOiI3Nzg4OWVkIn0%3D\" href='https:\/\/munasimkullakita.org\/wp-content\/uploads\/2023\/04\/FOTO-3-Lideres-formales-scaled.webp'><img decoding=\"async\" width=\"2560\" height=\"1696\" src=\"https:\/\/munasimkullakita.org\/wp-content\/uploads\/2023\/04\/FOTO-3-Lideres-formales-scaled.webp\" class=\"attachment-full size-full\" alt=\"\" srcset=\"https:\/\/munasimkullakita.org\/wp-content\/uploads\/2023\/04\/FOTO-3-Lideres-formales-scaled.webp 2560w, https:\/\/munasimkullakita.org\/wp-content\/uploads\/2023\/04\/FOTO-3-Lideres-formales-300x199.webp 300w, https:\/\/munasimkullakita.org\/wp-content\/uploads\/2023\/04\/FOTO-3-Lideres-formales-1024x678.webp 1024w, https:\/\/munasimkullakita.org\/wp-content\/uploads\/2023\/04\/FOTO-3-Lideres-formales-768x509.webp 768w, https:\/\/munasimkullakita.org\/wp-content\/uploads\/2023\/04\/FOTO-3-Lideres-formales-1536x1017.webp 1536w, https:\/\/munasimkullakita.org\/wp-content\/uploads\/2023\/04\/FOTO-3-Lideres-formales-2048x1356.webp 2048w, https:\/\/munasimkullakita.org\/wp-content\/uploads\/2023\/04\/FOTO-3-Lideres-formales-498x330.webp 498w, https:\/\/munasimkullakita.org\/wp-content\/uploads\/2023\/04\/FOTO-3-Lideres-formales-270x180.webp 270w\" sizes=\"(max-width: 2560px) 100vw, 2560px\" \/><\/a>\n\t\t\t<\/div><\/figure><figure class='gallery-item'>\n\t\t\t<div class='gallery-icon landscape'>\n\t\t\t\t<a data-elementor-open-lightbox=\"yes\" data-elementor-lightbox-slideshow=\"77889ed\" data-elementor-lightbox-title=\"FOTO 2- Los vinculos con la comunidad, como costrucci\u00f2n de dispositivos de seguridad en cotextos complejos.\" data-e-action-hash=\"#elementor-action%3Aaction%3Dlightbox%26settings%3DeyJpZCI6MTY4MSwidXJsIjoiaHR0cHM6XC9cL211bmFzaW1rdWxsYWtpdGEub3JnXC93cC1jb250ZW50XC91cGxvYWRzXC8yMDIzXC8wNFwvRk9UTy0yLUxvcy12aW5jdWxvcy1jb24tbGEtY29tdW5pZGFkLWNvbW8tY29zdHJ1Y2Npb24tZGUtZGlzcG9zaXRpdm9zLWRlLXNlZ3VyaWRhZC1lbi1jb3RleHRvcy1jb21wbGVqb3Mtc2NhbGVkLndlYnAiLCJzbGlkZXNob3ciOiI3Nzg4OWVkIn0%3D\" href='https:\/\/munasimkullakita.org\/wp-content\/uploads\/2023\/04\/FOTO-2-Los-vinculos-con-la-comunidad-como-costruccion-de-dispositivos-de-seguridad-en-cotextos-complejos-scaled.webp'><img loading=\"lazy\" decoding=\"async\" width=\"2560\" height=\"1696\" src=\"https:\/\/munasimkullakita.org\/wp-content\/uploads\/2023\/04\/FOTO-2-Los-vinculos-con-la-comunidad-como-costruccion-de-dispositivos-de-seguridad-en-cotextos-complejos-scaled.webp\" class=\"attachment-full size-full\" alt=\"\" srcset=\"https:\/\/munasimkullakita.org\/wp-content\/uploads\/2023\/04\/FOTO-2-Los-vinculos-con-la-comunidad-como-costruccion-de-dispositivos-de-seguridad-en-cotextos-complejos-scaled.webp 2560w, https:\/\/munasimkullakita.org\/wp-content\/uploads\/2023\/04\/FOTO-2-Los-vinculos-con-la-comunidad-como-costruccion-de-dispositivos-de-seguridad-en-cotextos-complejos-300x199.webp 300w, https:\/\/munasimkullakita.org\/wp-content\/uploads\/2023\/04\/FOTO-2-Los-vinculos-con-la-comunidad-como-costruccion-de-dispositivos-de-seguridad-en-cotextos-complejos-1024x678.webp 1024w, https:\/\/munasimkullakita.org\/wp-content\/uploads\/2023\/04\/FOTO-2-Los-vinculos-con-la-comunidad-como-costruccion-de-dispositivos-de-seguridad-en-cotextos-complejos-768x509.webp 768w, https:\/\/munasimkullakita.org\/wp-content\/uploads\/2023\/04\/FOTO-2-Los-vinculos-con-la-comunidad-como-costruccion-de-dispositivos-de-seguridad-en-cotextos-complejos-1536x1017.webp 1536w, https:\/\/munasimkullakita.org\/wp-content\/uploads\/2023\/04\/FOTO-2-Los-vinculos-con-la-comunidad-como-costruccion-de-dispositivos-de-seguridad-en-cotextos-complejos-2048x1356.webp 2048w, https:\/\/munasimkullakita.org\/wp-content\/uploads\/2023\/04\/FOTO-2-Los-vinculos-con-la-comunidad-como-costruccion-de-dispositivos-de-seguridad-en-cotextos-complejos-498x330.webp 498w, https:\/\/munasimkullakita.org\/wp-content\/uploads\/2023\/04\/FOTO-2-Los-vinculos-con-la-comunidad-como-costruccion-de-dispositivos-de-seguridad-en-cotextos-complejos-270x180.webp 270w\" sizes=\"(max-width: 2560px) 100vw, 2560px\" \/><\/a>\n\t\t\t<\/div><\/figure><figure class='gallery-item'>\n\t\t\t<div class='gallery-icon landscape'>\n\t\t\t\t<a data-elementor-open-lightbox=\"yes\" data-elementor-lightbox-slideshow=\"77889ed\" data-elementor-lightbox-title=\"FOTO 1 - Centro de Escucha\" data-e-action-hash=\"#elementor-action%3Aaction%3Dlightbox%26settings%3DeyJpZCI6MTY4MCwidXJsIjoiaHR0cHM6XC9cL211bmFzaW1rdWxsYWtpdGEub3JnXC93cC1jb250ZW50XC91cGxvYWRzXC8yMDIzXC8wNFwvRk9UTy0xLUNlbnRyby1kZS1Fc2N1Y2hhLXNjYWxlZC53ZWJwIiwic2xpZGVzaG93IjoiNzc4ODllZCJ9\" href='https:\/\/munasimkullakita.org\/wp-content\/uploads\/2023\/04\/FOTO-1-Centro-de-Escucha-scaled.webp'><img loading=\"lazy\" decoding=\"async\" width=\"2560\" height=\"1696\" src=\"https:\/\/munasimkullakita.org\/wp-content\/uploads\/2023\/04\/FOTO-1-Centro-de-Escucha-scaled.webp\" class=\"attachment-full size-full\" alt=\"\" srcset=\"https:\/\/munasimkullakita.org\/wp-content\/uploads\/2023\/04\/FOTO-1-Centro-de-Escucha-scaled.webp 2560w, https:\/\/munasimkullakita.org\/wp-content\/uploads\/2023\/04\/FOTO-1-Centro-de-Escucha-300x199.webp 300w, https:\/\/munasimkullakita.org\/wp-content\/uploads\/2023\/04\/FOTO-1-Centro-de-Escucha-1024x678.webp 1024w, https:\/\/munasimkullakita.org\/wp-content\/uploads\/2023\/04\/FOTO-1-Centro-de-Escucha-768x509.webp 768w, https:\/\/munasimkullakita.org\/wp-content\/uploads\/2023\/04\/FOTO-1-Centro-de-Escucha-1536x1017.webp 1536w, https:\/\/munasimkullakita.org\/wp-content\/uploads\/2023\/04\/FOTO-1-Centro-de-Escucha-2048x1356.webp 2048w, https:\/\/munasimkullakita.org\/wp-content\/uploads\/2023\/04\/FOTO-1-Centro-de-Escucha-498x330.webp 498w, https:\/\/munasimkullakita.org\/wp-content\/uploads\/2023\/04\/FOTO-1-Centro-de-Escucha-270x180.webp 270w\" sizes=\"(max-width: 2560px) 100vw, 2560px\" \/><\/a>\n\t\t\t<\/div><\/figure>\n\t\t<\/div>\n\t\t<\/div>\n\t\t\t\t<\/div>\n\t\t\t\t<\/div>\n\t\t\t\t\t<\/div>\n\t\t<\/div>\n\t\t\t\t\t<\/div>\n\t\t<\/section>\n\t\t\t\t<section class=\"elementor-section elementor-top-section elementor-element elementor-element-2d44991b elementor-section-boxed elementor-section-height-default elementor-section-height-default wpr-particle-no wpr-jarallax-no wpr-parallax-no wpr-sticky-section-no wpr-equal-height-no\" data-id=\"2d44991b\" data-element_type=\"section\">\n\t\t\t\t\t\t<div class=\"elementor-container elementor-column-gap-default\">\n\t\t\t\t\t<div class=\"elementor-column elementor-col-100 elementor-top-column elementor-element elementor-element-1589ff7c\" data-id=\"1589ff7c\" data-element_type=\"column\">\n\t\t\t<div class=\"elementor-widget-wrap elementor-element-populated\">\n\t\t\t\t\t\t<div class=\"elementor-element elementor-element-57975b65 elementor-widget elementor-widget-heading\" data-id=\"57975b65\" data-element_type=\"widget\" data-widget_type=\"heading.default\">\n\t\t\t\t<div class=\"elementor-widget-container\">\n\t\t\t<h2 class=\"elementor-heading-title elementor-size-medium\">Comparte en tus redes sociales<\/h2>\t\t<\/div>\n\t\t\t\t<\/div>\n\t\t\t\t<div class=\"elementor-element elementor-element-4d981814 elementor-widget-divider--view-line elementor-widget elementor-widget-divider\" data-id=\"4d981814\" data-element_type=\"widget\" data-widget_type=\"divider.default\">\n\t\t\t\t<div class=\"elementor-widget-container\">\n\t\t\t\t\t<div class=\"elementor-divider\">\n\t\t\t<span class=\"elementor-divider-separator\">\n\t\t\t\t\t\t<\/span>\n\t\t<\/div>\n\t\t\t\t<\/div>\n\t\t\t\t<\/div>\n\t\t\t\t<div class=\"elementor-element elementor-element-36c2cf47 elementor-share-buttons--align-center elementor-share-buttons--view-icon-text elementor-share-buttons--skin-gradient elementor-share-buttons--shape-square elementor-grid-0 elementor-share-buttons--color-official elementor-widget elementor-widget-share-buttons\" data-id=\"36c2cf47\" data-element_type=\"widget\" data-widget_type=\"share-buttons.default\">\n\t\t\t\t<div class=\"elementor-widget-container\">\n\t\t\t\t\t<div class=\"elementor-grid\">\n\t\t\t\t\t\t\t\t<div class=\"elementor-grid-item\">\n\t\t\t\t\t\t<div\n\t\t\t\t\t\t\tclass=\"elementor-share-btn elementor-share-btn_facebook\"\n\t\t\t\t\t\t\trole=\"button\"\n\t\t\t\t\t\t\ttabindex=\"0\"\n\t\t\t\t\t\t\taria-label=\"Share on facebook\"\n\t\t\t\t\t\t>\n\t\t\t\t\t\t\t\t\t\t\t\t\t\t\t<span class=\"elementor-share-btn__icon\">\n\t\t\t\t\t\t\t\t<svg class=\"e-font-icon-svg e-fab-facebook\" viewBox=\"0 0 512 512\" xmlns=\"http:\/\/www.w3.org\/2000\/svg\"><path d=\"M504 256C504 119 393 8 256 8S8 119 8 256c0 123.78 90.69 226.38 209.25 245V327.69h-63V256h63v-54.64c0-62.15 37-96.48 93.67-96.48 27.14 0 55.52 4.84 55.52 4.84v61h-31.28c-30.8 0-40.41 19.12-40.41 38.73V256h68.78l-11 71.69h-57.78V501C413.31 482.38 504 379.78 504 256z\"><\/path><\/svg>\t\t\t\t\t\t\t<\/span>\n\t\t\t\t\t\t\t\t\t\t\t\t\t\t\t\t\t\t\t\t\t\t<div class=\"elementor-share-btn__text\">\n\t\t\t\t\t\t\t\t\t\t\t\t\t\t\t\t\t\t\t<span class=\"elementor-share-btn__title\">\n\t\t\t\t\t\t\t\t\t\tFacebook\t\t\t\t\t\t\t\t\t<\/span>\n\t\t\t\t\t\t\t\t\t\t\t\t\t\t\t\t\t<\/div>\n\t\t\t\t\t\t\t\t\t\t\t\t\t<\/div>\n\t\t\t\t\t<\/div>\n\t\t\t\t\t\t\t\t\t<div class=\"elementor-grid-item\">\n\t\t\t\t\t\t<div\n\t\t\t\t\t\t\tclass=\"elementor-share-btn elementor-share-btn_whatsapp\"\n\t\t\t\t\t\t\trole=\"button\"\n\t\t\t\t\t\t\ttabindex=\"0\"\n\t\t\t\t\t\t\taria-label=\"Share on whatsapp\"\n\t\t\t\t\t\t>\n\t\t\t\t\t\t\t\t\t\t\t\t\t\t\t<span class=\"elementor-share-btn__icon\">\n\t\t\t\t\t\t\t\t<svg class=\"e-font-icon-svg e-fab-whatsapp\" viewBox=\"0 0 448 512\" xmlns=\"http:\/\/www.w3.org\/2000\/svg\"><path d=\"M380.9 97.1C339 55.1 283.2 32 223.9 32c-122.4 0-222 99.6-222 222 0 39.1 10.2 77.3 29.6 111L0 480l117.7-30.9c32.4 17.7 68.9 27 106.1 27h.1c122.3 0 224.1-99.6 224.1-222 0-59.3-25.2-115-67.1-157zm-157 341.6c-33.2 0-65.7-8.9-94-25.7l-6.7-4-69.8 18.3L72 359.2l-4.4-7c-18.5-29.4-28.2-63.3-28.2-98.2 0-101.7 82.8-184.5 184.6-184.5 49.3 0 95.6 19.2 130.4 54.1 34.8 34.9 56.2 81.2 56.1 130.5 0 101.8-84.9 184.6-186.6 184.6zm101.2-138.2c-5.5-2.8-32.8-16.2-37.9-18-5.1-1.9-8.8-2.8-12.5 2.8-3.7 5.6-14.3 18-17.6 21.8-3.2 3.7-6.5 4.2-12 1.4-32.6-16.3-54-29.1-75.5-66-5.7-9.8 5.7-9.1 16.3-30.3 1.8-3.7.9-6.9-.5-9.7-1.4-2.8-12.5-30.1-17.1-41.2-4.5-10.8-9.1-9.3-12.5-9.5-3.2-.2-6.9-.2-10.6-.2-3.7 0-9.7 1.4-14.8 6.9-5.1 5.6-19.4 19-19.4 46.3 0 27.3 19.9 53.7 22.6 57.4 2.8 3.7 39.1 59.7 94.8 83.8 35.2 15.2 49 16.5 66.6 13.9 10.7-1.6 32.8-13.4 37.4-26.4 4.6-13 4.6-24.1 3.2-26.4-1.3-2.5-5-3.9-10.5-6.6z\"><\/path><\/svg>\t\t\t\t\t\t\t<\/span>\n\t\t\t\t\t\t\t\t\t\t\t\t\t\t\t\t\t\t\t\t\t\t<div class=\"elementor-share-btn__text\">\n\t\t\t\t\t\t\t\t\t\t\t\t\t\t\t\t\t\t\t<span class=\"elementor-share-btn__title\">\n\t\t\t\t\t\t\t\t\t\tWhatsApp\t\t\t\t\t\t\t\t\t<\/span>\n\t\t\t\t\t\t\t\t\t\t\t\t\t\t\t\t\t<\/div>\n\t\t\t\t\t\t\t\t\t\t\t\t\t<\/div>\n\t\t\t\t\t<\/div>\n\t\t\t\t\t\t\t\t\t<div class=\"elementor-grid-item\">\n\t\t\t\t\t\t<div\n\t\t\t\t\t\t\tclass=\"elementor-share-btn elementor-share-btn_twitter\"\n\t\t\t\t\t\t\trole=\"button\"\n\t\t\t\t\t\t\ttabindex=\"0\"\n\t\t\t\t\t\t\taria-label=\"Share on twitter\"\n\t\t\t\t\t\t>\n\t\t\t\t\t\t\t\t\t\t\t\t\t\t\t<span class=\"elementor-share-btn__icon\">\n\t\t\t\t\t\t\t\t<svg class=\"e-font-icon-svg e-fab-twitter\" viewBox=\"0 0 512 512\" xmlns=\"http:\/\/www.w3.org\/2000\/svg\"><path d=\"M459.37 151.716c.325 4.548.325 9.097.325 13.645 0 138.72-105.583 298.558-298.558 298.558-59.452 0-114.68-17.219-161.137-47.106 8.447.974 16.568 1.299 25.34 1.299 49.055 0 94.213-16.568 130.274-44.832-46.132-.975-84.792-31.188-98.112-72.772 6.498.974 12.995 1.624 19.818 1.624 9.421 0 18.843-1.3 27.614-3.573-48.081-9.747-84.143-51.98-84.143-102.985v-1.299c13.969 7.797 30.214 12.67 47.431 13.319-28.264-18.843-46.781-51.005-46.781-87.391 0-19.492 5.197-37.36 14.294-52.954 51.655 63.675 129.3 105.258 216.365 109.807-1.624-7.797-2.599-15.918-2.599-24.04 0-57.828 46.782-104.934 104.934-104.934 30.213 0 57.502 12.67 76.67 33.137 23.715-4.548 46.456-13.32 66.599-25.34-7.798 24.366-24.366 44.833-46.132 57.827 21.117-2.273 41.584-8.122 60.426-16.243-14.292 20.791-32.161 39.308-52.628 54.253z\"><\/path><\/svg>\t\t\t\t\t\t\t<\/span>\n\t\t\t\t\t\t\t\t\t\t\t\t\t\t\t\t\t\t\t\t\t\t<div class=\"elementor-share-btn__text\">\n\t\t\t\t\t\t\t\t\t\t\t\t\t\t\t\t\t\t\t<span class=\"elementor-share-btn__title\">\n\t\t\t\t\t\t\t\t\t\tTwitter\t\t\t\t\t\t\t\t\t<\/span>\n\t\t\t\t\t\t\t\t\t\t\t\t\t\t\t\t\t<\/div>\n\t\t\t\t\t\t\t\t\t\t\t\t\t<\/div>\n\t\t\t\t\t<\/div>\n\t\t\t\t\t\t\t\t\t<div class=\"elementor-grid-item\">\n\t\t\t\t\t\t<div\n\t\t\t\t\t\t\tclass=\"elementor-share-btn elementor-share-btn_linkedin\"\n\t\t\t\t\t\t\trole=\"button\"\n\t\t\t\t\t\t\ttabindex=\"0\"\n\t\t\t\t\t\t\taria-label=\"Share on linkedin\"\n\t\t\t\t\t\t>\n\t\t\t\t\t\t\t\t\t\t\t\t\t\t\t<span class=\"elementor-share-btn__icon\">\n\t\t\t\t\t\t\t\t<svg class=\"e-font-icon-svg e-fab-linkedin\" viewBox=\"0 0 448 512\" xmlns=\"http:\/\/www.w3.org\/2000\/svg\"><path d=\"M416 32H31.9C14.3 32 0 46.5 0 64.3v383.4C0 465.5 14.3 480 31.9 480H416c17.6 0 32-14.5 32-32.3V64.3c0-17.8-14.4-32.3-32-32.3zM135.4 416H69V202.2h66.5V416zm-33.2-243c-21.3 0-38.5-17.3-38.5-38.5S80.9 96 102.2 96c21.2 0 38.5 17.3 38.5 38.5 0 21.3-17.2 38.5-38.5 38.5zm282.1 243h-66.4V312c0-24.8-.5-56.7-34.5-56.7-34.6 0-39.9 27-39.9 54.9V416h-66.4V202.2h63.7v29.2h.9c8.9-16.8 30.6-34.5 62.9-34.5 67.2 0 79.7 44.3 79.7 101.9V416z\"><\/path><\/svg>\t\t\t\t\t\t\t<\/span>\n\t\t\t\t\t\t\t\t\t\t\t\t\t\t\t\t\t\t\t\t\t\t<div class=\"elementor-share-btn__text\">\n\t\t\t\t\t\t\t\t\t\t\t\t\t\t\t\t\t\t\t<span class=\"elementor-share-btn__title\">\n\t\t\t\t\t\t\t\t\t\tLinkedIn\t\t\t\t\t\t\t\t\t<\/span>\n\t\t\t\t\t\t\t\t\t\t\t\t\t\t\t\t\t<\/div>\n\t\t\t\t\t\t\t\t\t\t\t\t\t<\/div>\n\t\t\t\t\t<\/div>\n\t\t\t\t\t\t\t\t\t<div class=\"elementor-grid-item\">\n\t\t\t\t\t\t<div\n\t\t\t\t\t\t\tclass=\"elementor-share-btn elementor-share-btn_email\"\n\t\t\t\t\t\t\trole=\"button\"\n\t\t\t\t\t\t\ttabindex=\"0\"\n\t\t\t\t\t\t\taria-label=\"Share on email\"\n\t\t\t\t\t\t>\n\t\t\t\t\t\t\t\t\t\t\t\t\t\t\t<span class=\"elementor-share-btn__icon\">\n\t\t\t\t\t\t\t\t<svg class=\"e-font-icon-svg e-fas-envelope\" viewBox=\"0 0 512 512\" xmlns=\"http:\/\/www.w3.org\/2000\/svg\"><path d=\"M502.3 190.8c3.9-3.1 9.7-.2 9.7 4.7V400c0 26.5-21.5 48-48 48H48c-26.5 0-48-21.5-48-48V195.6c0-5 5.7-7.8 9.7-4.7 22.4 17.4 52.1 39.5 154.1 113.6 21.1 15.4 56.7 47.8 92.2 47.6 35.7.3 72-32.8 92.3-47.6 102-74.1 131.6-96.3 154-113.7zM256 320c23.2.4 56.6-29.2 73.4-41.4 132.7-96.3 142.8-104.7 173.4-128.7 5.8-4.5 9.2-11.5 9.2-18.9v-19c0-26.5-21.5-48-48-48H48C21.5 64 0 85.5 0 112v19c0 7.4 3.4 14.3 9.2 18.9 30.6 23.9 40.7 32.4 173.4 128.7 16.8 12.2 50.2 41.8 73.4 41.4z\"><\/path><\/svg>\t\t\t\t\t\t\t<\/span>\n\t\t\t\t\t\t\t\t\t\t\t\t\t\t\t\t\t\t\t\t\t\t<div class=\"elementor-share-btn__text\">\n\t\t\t\t\t\t\t\t\t\t\t\t\t\t\t\t\t\t\t<span class=\"elementor-share-btn__title\">\n\t\t\t\t\t\t\t\t\t\tEmail\t\t\t\t\t\t\t\t\t<\/span>\n\t\t\t\t\t\t\t\t\t\t\t\t\t\t\t\t\t<\/div>\n\t\t\t\t\t\t\t\t\t\t\t\t\t<\/div>\n\t\t\t\t\t<\/div>\n\t\t\t\t\t\t<\/div>\n\t\t\t\t<\/div>\n\t\t\t\t<\/div>\n\t\t\t\t\t<\/div>\n\t\t<\/div>\n\t\t\t\t\t<\/div>\n\t\t<\/section>\n\t\t\t\t<\/div>\n\t\t","protected":false},"excerpt":{"rendered":"<p>PROGRAMA DE TRATAMIENTO COMUNITARIO &#8211; REDUCCI\u00d3N DE DA\u00d1OS POBLACI\u00d3N EN SITUACI\u00d3N DE CALLE SUBMEN\u00da INCIDENCIA POL\u00cdTICA Y FORTALECIMIENTO DE REDES PROGRAMA DE ATENCI\u00d3N PROGRAMA DE PROTECCI\u00d3N INTERNACIONAL PROGRAMA DE TRATAMIENTO COMUNITARIO REINTEGRACI\u00d3N DE POBLACIONES VULNERABLES PROGRAMA PREVENCI\u00d3N El trabajo con poblaci\u00f3n en situaciones de sufrimiento social, interviene para reducir los da\u00f1os a trav\u00e9s de 7 categor\u00edas de: consumo de alcohol y drogas, educaci\u00f3n, legal, trabajo, familia, salud y red primaria. A partir de este proceso se inicia en la restituci\u00f3n de sus derechos a trav\u00e9s de dispositivos de atenci\u00f3n, denominados \u201cCENTROS DE ESCUCHA\u201d, espacios que brindan servicios a ni\u00f1as, ni\u00f1os, adolescentes y j\u00f3venes que se encuentran en vulnerabilidad, se inicia procesos de seguimiento personales a partir de la atenci\u00f3n de 5 ejes estrat\u00e9gicos de intervenci\u00f3n, propio del Modelo de Intervenci\u00f3n del Tratamiento Comunitario. Los Ejes Estrat\u00e9gicos de Atenci\u00f3n se desarrollan de manera NO lineal, mismos ejes pueden trabajarse en simult\u00e1neo. &#8211; 1 Eje Prevenci\u00f3n y Organizaci\u00f3n, de la comunidad. &#8211; 2 Ejes de Asistencia b\u00e1sica y reducci\u00f3n de da\u00f1os, se brinda atenci\u00f3n del cuidado personal (lavado de ropa, higiene personal, alimentaci\u00f3n digna, restituci\u00f3n al derecho de la identidad, salud, familia, entre otros.) &#8211; 3 Eje de Educaci\u00f3n y Rehabilitaci\u00f3n, a trav\u00e9s de la educaci\u00f3n Formal y NO formal, se desarrollan temas que adhieren a la poblaci\u00f3n, desde los derechos, educaci\u00f3n sexual, g\u00e9nero, autoestima, entre otros. &#8211; 4 Eje de Cura m\u00e9dica y psicol\u00f3gica, se reduce los da\u00f1os nocivos por la problem\u00e1tica en la que se encuentran, realizando el acompa\u00f1amiento psicol\u00f3gico y la escucha activa, permite trabajar el interior de la persona. &#8211; 5 Eje de Trabajo y ocupaci\u00f3n, a trav\u00e9s de evaluaciones de sus habilidades y competencias, se fortalecen y\/o desarrollan, para que reciban procesos de inserciones laborales y emprendedurismo, con el fin de promover la independencia y autonom\u00eda. La implementaci\u00f3n de los ejes, permite mejorar las condiciones de vida de las personas en situaci\u00f3n de calle. &#8211; REDES COMUNITARIAS Desde el Tratamiento Comunitario, se interviene en comunidades locales hipercomplejas, para la construcci\u00f3n de redes comunitarias (Red Subjetiva Comunitaria, Red de Lideres de Opini\u00f3n Formal y No Formal, Red de Minor\u00edas Activas y Red Operativa) constituy\u00e9ndose e un entramado, que trabaja las representaciones sociales, la discriminaci\u00f3n, el estigma y los estereotipos a poblaci\u00f3n en situaci\u00f3n de calle. La constituci\u00f3n de las redes comunitarias, e implementaci\u00f3n de dispositivos de atenci\u00f3n (carpa de escucha, aula m\u00f3vil, centro de escucha fijo) dentro de las comunidades, procesualmente se trabaja las representaciones sociales, alcanzando a convertir como dispositivo seguro la comunidad y de inclusi\u00f3n social, donde la poblaci\u00f3n directa de atenci\u00f3n, ejerce sus derechos. La Red de L\u00edderes de Opini\u00f3n Formal, es la m\u00e1s importante, porque a partir de los l\u00edderes es los mismo que un Presidente o Dirigentes de las Asociaciones, influye por atributos que le asignan, tiene vos y voto ante las autoridades para incidir en la comunidad. Redes comunitarias, representadas por l\u00edderes de opini\u00f3n formal, convocan cada 30 d\u00edas, una reuni\u00f3n para tratar las necesidades y demandas de la poblaci\u00f3n y de su sector, basadas dentro de las comunidades, las atribuciones de liderazgo, influencia en las decisiones y respaldo de sus bases, elaboran planes de trabajo de manera anual, donde las acciones son dirigidas a favor de los grupos m\u00e1s vulnerables. La Red de Minor\u00edas activas, que por las atribuciones que desarrollan a favor de los grupos m\u00e1s vulnerables, pueden llegar a constituirse como l\u00edderes formales, por las acciones que desarrollan. La constituci\u00f3n de las redes comunitarias, permitir\u00e1 la sostenibilidad de la atenci\u00f3n a los grupos vulnerables dentro de las comunidades complejas. Comparte en tus redes sociales Facebook WhatsApp Twitter LinkedIn Email<\/p>\n","protected":false},"author":2,"featured_media":0,"parent":0,"menu_order":0,"comment_status":"closed","ping_status":"closed","template":"","meta":{"inline_featured_image":false,"footnotes":""},"class_list":["post-1107","page","type-page","status-publish","hentry"],"_links":{"self":[{"href":"https:\/\/munasimkullakita.org\/index.php?rest_route=\/wp\/v2\/pages\/1107"}],"collection":[{"href":"https:\/\/munasimkullakita.org\/index.php?rest_route=\/wp\/v2\/pages"}],"about":[{"href":"https:\/\/munasimkullakita.org\/index.php?rest_route=\/wp\/v2\/types\/page"}],"author":[{"embeddable":true,"href":"https:\/\/munasimkullakita.org\/index.php?rest_route=\/wp\/v2\/users\/2"}],"replies":[{"embeddable":true,"href":"https:\/\/munasimkullakita.org\/index.php?rest_route=%2Fwp%2Fv2%2Fcomments&post=1107"}],"version-history":[{"count":34,"href":"https:\/\/munasimkullakita.org\/index.php?rest_route=\/wp\/v2\/pages\/1107\/revisions"}],"predecessor-version":[{"id":3270,"href":"https:\/\/munasimkullakita.org\/index.php?rest_route=\/wp\/v2\/pages\/1107\/revisions\/3270"}],"wp:attachment":[{"href":"https:\/\/munasimkullakita.org\/index.php?rest_route=%2Fwp%2Fv2%2Fmedia&parent=1107"}],"curies":[{"name":"wp","href":"https:\/\/api.w.org\/{rel}","templated":true}]}}